{"id":15550,"date":"2018-01-12T09:55:45","date_gmt":"2018-01-12T09:55:45","guid":{"rendered":"https:\/\/www.danke-galerie.com\/produit\/lampe-suspension-preben-fabricius-jorgen-kastholm-nordisk-solar\/"},"modified":"2019-12-13T09:59:10","modified_gmt":"2019-12-13T09:59:10","slug":"ceiling-lamp-by-preben-fabricius-jorgen-kastholm-for-nordisk-solar-denmark","status":"publish","type":"product","link":"https:\/\/www.danke-galerie.com\/en\/produit\/ceiling-lamp-by-preben-fabricius-jorgen-kastholm-for-nordisk-solar-denmark\/","title":{"rendered":"Ceiling Lamp by Preben Fabricius &#038; J\u00f8rgen Kastholm for Nordisk Solar, Denmark"},"content":{"rendered":"<div class=\"wpb-content-wrapper\"><p>[vc_row][vc_column][vc_custom_heading source=&#8221;post_title&#8221; font_container=&#8221;tag:h1|font_size:16|text_align:center|color:%23606060&#8243; google_fonts=&#8221;font_family:Roboto%3A100%2C100italic%2C300%2C300italic%2Cregular%2Citalic%2C500%2C500italic%2C700%2C700italic%2C900%2C900italic|font_style:400%20regular%3A400%3Anormal&#8221; css=&#8221;.vc_custom_1515421781244{margin-bottom: 15px !important;}&#8221; el_class=&#8221;produitTitre&#8221;][vc_separator][vc_column_text css=&#8221;.vc_custom_1515751020212{margin-bottom: 10px !important;}&#8221;]<span style=\"color: #808080;\">Suspension des designer danois Preben Fabricius Jorgen Kastholm pour Nordisk Solar. Structure en metal dor\u00e9. Rare syst\u00e8me monte et baisse d&#8217;origine.<\/span><\/p>\n<p>&nbsp;<\/p>\n<p style=\"text-align: left;\"><span style=\"color: #808080;\"><b>Designer : <\/b><i>VicPreben Fabricius\u00a0<\/i><\/span><span style=\"color: #808080;\"><i>J\u00f6rgen Kastholm<\/i><\/span><\/p>\n<p>&nbsp;<\/p>\n<p><span style=\"color: #808080;\"><b>Editeur : <\/b><i>Nordisk Solar<\/i><\/span>[\/vc_column_text][vc_separator][\/vc_column][\/vc_row][vc_row][vc_column][vc_tta_accordion style=&#8221;flat&#8221; shape=&#8221;square&#8221; color=&#8221;white&#8221; c_position=&#8221;right&#8221; active_section=&#8221;287&#8243; no_fill=&#8221;true&#8221; collapsible_all=&#8221;true&#8221;][vc_tta_section title=&#8221;D\u00e9tails (dimensions, \u00e9tat, &#8230;)&#8221; tab_id=&#8221;1514895864283-96537841-14de&#8221;][vc_column_text]<span style=\"color: #808080;\"><strong>Dimensions :<\/strong> Diam. 55 <em>cm \/ H. jusqu&#8217;\u00e0 150\u00a0cm\u00a0<\/em><\/span><\/p>\n<p>&nbsp;<\/p>\n<p><span style=\"color: #808080;\"><i><strong>Condition : <\/strong><\/i>Bon \u00e9tat (quelques l\u00e9g\u00e8res \u00e9raflures)<\/span>[\/vc_column_text][\/vc_tta_section][\/vc_tta_accordion][\/vc_column][\/vc_row][vc_row][vc_column][vc_separator][\/vc_column][\/vc_row][vc_row][vc_column][vc_column_text css=&#8221;.vc_custom_1576231148632{margin-bottom: 10px !important;}&#8221;]<span style=\"color: #808080;\"><strong>Price :<\/strong>\u00a0sold<\/span><i style=\"color: #808080;\"><\/i>[\/vc_column_text][\/vc_column][\/vc_row][vc_row css=&#8221;.vc_custom_1515423662474{margin-top: 10px !important;}&#8221;][vc_column][vc_tta_accordion style=&#8221;flat&#8221; shape=&#8221;square&#8221; spacing=&#8221;30&#8243; gap=&#8221;35&#8243; c_align=&#8221;center&#8221; c_icon=&#8221;&#8221; active_section=&#8221;287&#8243; no_fill=&#8221;true&#8221; collapsible_all=&#8221;true&#8221;][vc_tta_section title=&#8221;Enquire&#8221; tab_id=&#8221;1514895459596-04ede99c-528f&#8221; el_class=&#8221;commande&#8221;]<p class=\"wpcf7-contact-form-not-found\"><strong>Error:<\/strong> Contact form not found.<\/p>[\/vc_tta_section][\/vc_tta_accordion][\/vc_column][\/vc_row]<\/p>\n<\/div>","protected":false},"excerpt":{"rendered":"<div class=\"wpb_text_column wpb_content_element \">Ceiling Lamp by Preben Fabricius &amp; J\u00f8rgen Kastholm for Nordisk Solar, Denmark\u00a0danois scandinave danish louis poulsen scandinavian ceiling light danois<\/div>\n","protected":false},"featured_media":12353,"template":"","meta":[],"product_brand":[],"product_cat":[187],"product_tag":[],"class_list":{"0":"post-15550","1":"product","2":"type-product","3":"status-publish","4":"has-post-thumbnail","6":"product_cat-sold","8":"first","9":"instock","10":"shipping-taxable","11":"product-type-simple"},"yoast_head":"<!-- This site is optimized with the Yoast SEO plugin v26.7 - https:\/\/yoast.com\/wordpress\/plugins\/seo\/ -->\n<title>Ceiling Lamp by Preben Fabricius &amp; J\u00f8rgen Kastholm for Nordisk Solar, Denmark - Danke Galerie<\/title>\n<meta name=\"robots\" content=\"index, follow, max-snippet:-1, max-image-preview:large, max-video-preview:-1\" \/>\n<link rel=\"canonical\" href=\"https:\/\/www.danke-galerie.com\/en\/produit\/ceiling-lamp-by-preben-fabricius-jorgen-kastholm-for-nordisk-solar-denmark\/\" \/>\n<meta property=\"og:locale\" content=\"en_US\" \/>\n<meta property=\"og:type\" content=\"article\" \/>\n<meta property=\"og:title\" content=\"Ceiling Lamp by Preben Fabricius &amp; J\u00f8rgen Kastholm for Nordisk Solar, Denmark - Danke Galerie\" \/>\n<meta property=\"og:description\" content=\"Ceiling Lamp by Preben Fabricius &amp; J\u00f8rgen Kastholm for Nordisk Solar, Denmark\u00a0danois scandinave danish louis poulsen scandinavian ceiling light danois\" \/>\n<meta property=\"og:url\" content=\"https:\/\/www.danke-galerie.com\/en\/produit\/ceiling-lamp-by-preben-fabricius-jorgen-kastholm-for-nordisk-solar-denmark\/\" \/>\n<meta property=\"og:site_name\" content=\"Danke Galerie\" \/>\n<meta property=\"article:modified_time\" content=\"2019-12-13T09:59:10+00:00\" \/>\n<meta property=\"og:image\" content=\"https:\/\/www.danke-galerie.com\/wp-content\/uploads\/2018\/01\/Lampe-Suspension-preben-Fabricius-jorgen-Kastholm-Nordisk-Solar10.jpg\" \/>\n\t<meta property=\"og:image:width\" content=\"2047\" \/>\n\t<meta property=\"og:image:height\" content=\"1365\" \/>\n\t<meta property=\"og:image:type\" content=\"image\/jpeg\" \/>\n<meta name=\"twitter:card\" content=\"summary_large_image\" \/>\n<meta name=\"twitter:label1\" content=\"Est. reading time\" \/>\n\t<meta name=\"twitter:data1\" content=\"1 minute\" \/>\n<script type=\"application\/ld+json\" class=\"yoast-schema-graph\">{\"@context\":\"https:\/\/schema.org\",\"@graph\":[{\"@type\":\"WebPage\",\"@id\":\"https:\/\/www.danke-galerie.com\/en\/produit\/ceiling-lamp-by-preben-fabricius-jorgen-kastholm-for-nordisk-solar-denmark\/\",\"url\":\"https:\/\/www.danke-galerie.com\/en\/produit\/ceiling-lamp-by-preben-fabricius-jorgen-kastholm-for-nordisk-solar-denmark\/\",\"name\":\"Ceiling Lamp by Preben Fabricius & J\u00f8rgen Kastholm for Nordisk Solar, Denmark - Danke Galerie\",\"isPartOf\":{\"@id\":\"https:\/\/www.danke-galerie.com\/#website\"},\"primaryImageOfPage\":{\"@id\":\"https:\/\/www.danke-galerie.com\/en\/produit\/ceiling-lamp-by-preben-fabricius-jorgen-kastholm-for-nordisk-solar-denmark\/#primaryimage\"},\"image\":{\"@id\":\"https:\/\/www.danke-galerie.com\/en\/produit\/ceiling-lamp-by-preben-fabricius-jorgen-kastholm-for-nordisk-solar-denmark\/#primaryimage\"},\"thumbnailUrl\":\"https:\/\/www.danke-galerie.com\/wp-content\/uploads\/2018\/01\/Lampe-Suspension-preben-Fabricius-jorgen-Kastholm-Nordisk-Solar10.jpg\",\"datePublished\":\"2018-01-12T09:55:45+00:00\",\"dateModified\":\"2019-12-13T09:59:10+00:00\",\"breadcrumb\":{\"@id\":\"https:\/\/www.danke-galerie.com\/en\/produit\/ceiling-lamp-by-preben-fabricius-jorgen-kastholm-for-nordisk-solar-denmark\/#breadcrumb\"},\"inLanguage\":\"en-US\",\"potentialAction\":[{\"@type\":\"ReadAction\",\"target\":[\"https:\/\/www.danke-galerie.com\/en\/produit\/ceiling-lamp-by-preben-fabricius-jorgen-kastholm-for-nordisk-solar-denmark\/\"]}]},{\"@type\":\"ImageObject\",\"inLanguage\":\"en-US\",\"@id\":\"https:\/\/www.danke-galerie.com\/en\/produit\/ceiling-lamp-by-preben-fabricius-jorgen-kastholm-for-nordisk-solar-denmark\/#primaryimage\",\"url\":\"https:\/\/www.danke-galerie.com\/wp-content\/uploads\/2018\/01\/Lampe-Suspension-preben-Fabricius-jorgen-Kastholm-Nordisk-Solar10.jpg\",\"contentUrl\":\"https:\/\/www.danke-galerie.com\/wp-content\/uploads\/2018\/01\/Lampe-Suspension-preben-Fabricius-jorgen-Kastholm-Nordisk-Solar10.jpg\",\"width\":2047,\"height\":1365},{\"@type\":\"BreadcrumbList\",\"@id\":\"https:\/\/www.danke-galerie.com\/en\/produit\/ceiling-lamp-by-preben-fabricius-jorgen-kastholm-for-nordisk-solar-denmark\/#breadcrumb\",\"itemListElement\":[{\"@type\":\"ListItem\",\"position\":1,\"name\":\"Accueil\",\"item\":\"https:\/\/www.danke-galerie.com\/\"},{\"@type\":\"ListItem\",\"position\":2,\"name\":\"Collection &#8211; Danke Galerie &#8211; Vente de mobilier ancien\",\"item\":\"https:\/\/www.danke-galerie.com\/\"},{\"@type\":\"ListItem\",\"position\":3,\"name\":\"Ceiling Lamp by Preben Fabricius &#038; J\u00f8rgen Kastholm for Nordisk Solar, Denmark\"}]},{\"@type\":\"WebSite\",\"@id\":\"https:\/\/www.danke-galerie.com\/#website\",\"url\":\"https:\/\/www.danke-galerie.com\/\",\"name\":\"Danke Galerie\",\"description\":\"Vente mobilier du XXeme si\u00e8cle design vintage\",\"potentialAction\":[{\"@type\":\"SearchAction\",\"target\":{\"@type\":\"EntryPoint\",\"urlTemplate\":\"https:\/\/www.danke-galerie.com\/?s={search_term_string}\"},\"query-input\":{\"@type\":\"PropertyValueSpecification\",\"valueRequired\":true,\"valueName\":\"search_term_string\"}}],\"inLanguage\":\"en-US\"}]}<\/script>\n<!-- \/ Yoast SEO plugin. -->","yoast_head_json":{"title":"Ceiling Lamp by Preben Fabricius & J\u00f8rgen Kastholm for Nordisk Solar, Denmark - Danke Galerie","robots":{"index":"index","follow":"follow","max-snippet":"max-snippet:-1","max-image-preview":"max-image-preview:large","max-video-preview":"max-video-preview:-1"},"canonical":"https:\/\/www.danke-galerie.com\/en\/produit\/ceiling-lamp-by-preben-fabricius-jorgen-kastholm-for-nordisk-solar-denmark\/","og_locale":"en_US","og_type":"article","og_title":"Ceiling Lamp by Preben Fabricius & J\u00f8rgen Kastholm for Nordisk Solar, Denmark - Danke Galerie","og_description":"Ceiling Lamp by Preben Fabricius &amp; J\u00f8rgen Kastholm for Nordisk Solar, Denmark\u00a0danois scandinave danish louis poulsen scandinavian ceiling light danois","og_url":"https:\/\/www.danke-galerie.com\/en\/produit\/ceiling-lamp-by-preben-fabricius-jorgen-kastholm-for-nordisk-solar-denmark\/","og_site_name":"Danke Galerie","article_modified_time":"2019-12-13T09:59:10+00:00","og_image":[{"width":2047,"height":1365,"url":"https:\/\/www.danke-galerie.com\/wp-content\/uploads\/2018\/01\/Lampe-Suspension-preben-Fabricius-jorgen-Kastholm-Nordisk-Solar10.jpg","type":"image\/jpeg"}],"twitter_card":"summary_large_image","twitter_misc":{"Est. reading time":"1 minute"},"schema":{"@context":"https:\/\/schema.org","@graph":[{"@type":"WebPage","@id":"https:\/\/www.danke-galerie.com\/en\/produit\/ceiling-lamp-by-preben-fabricius-jorgen-kastholm-for-nordisk-solar-denmark\/","url":"https:\/\/www.danke-galerie.com\/en\/produit\/ceiling-lamp-by-preben-fabricius-jorgen-kastholm-for-nordisk-solar-denmark\/","name":"Ceiling Lamp by Preben Fabricius & J\u00f8rgen Kastholm for Nordisk Solar, Denmark - Danke Galerie","isPartOf":{"@id":"https:\/\/www.danke-galerie.com\/#website"},"primaryImageOfPage":{"@id":"https:\/\/www.danke-galerie.com\/en\/produit\/ceiling-lamp-by-preben-fabricius-jorgen-kastholm-for-nordisk-solar-denmark\/#primaryimage"},"image":{"@id":"https:\/\/www.danke-galerie.com\/en\/produit\/ceiling-lamp-by-preben-fabricius-jorgen-kastholm-for-nordisk-solar-denmark\/#primaryimage"},"thumbnailUrl":"https:\/\/www.danke-galerie.com\/wp-content\/uploads\/2018\/01\/Lampe-Suspension-preben-Fabricius-jorgen-Kastholm-Nordisk-Solar10.jpg","datePublished":"2018-01-12T09:55:45+00:00","dateModified":"2019-12-13T09:59:10+00:00","breadcrumb":{"@id":"https:\/\/www.danke-galerie.com\/en\/produit\/ceiling-lamp-by-preben-fabricius-jorgen-kastholm-for-nordisk-solar-denmark\/#breadcrumb"},"inLanguage":"en-US","potentialAction":[{"@type":"ReadAction","target":["https:\/\/www.danke-galerie.com\/en\/produit\/ceiling-lamp-by-preben-fabricius-jorgen-kastholm-for-nordisk-solar-denmark\/"]}]},{"@type":"ImageObject","inLanguage":"en-US","@id":"https:\/\/www.danke-galerie.com\/en\/produit\/ceiling-lamp-by-preben-fabricius-jorgen-kastholm-for-nordisk-solar-denmark\/#primaryimage","url":"https:\/\/www.danke-galerie.com\/wp-content\/uploads\/2018\/01\/Lampe-Suspension-preben-Fabricius-jorgen-Kastholm-Nordisk-Solar10.jpg","contentUrl":"https:\/\/www.danke-galerie.com\/wp-content\/uploads\/2018\/01\/Lampe-Suspension-preben-Fabricius-jorgen-Kastholm-Nordisk-Solar10.jpg","width":2047,"height":1365},{"@type":"BreadcrumbList","@id":"https:\/\/www.danke-galerie.com\/en\/produit\/ceiling-lamp-by-preben-fabricius-jorgen-kastholm-for-nordisk-solar-denmark\/#breadcrumb","itemListElement":[{"@type":"ListItem","position":1,"name":"Accueil","item":"https:\/\/www.danke-galerie.com\/"},{"@type":"ListItem","position":2,"name":"Collection &#8211; Danke Galerie &#8211; Vente de mobilier ancien","item":"https:\/\/www.danke-galerie.com\/"},{"@type":"ListItem","position":3,"name":"Ceiling Lamp by Preben Fabricius &#038; J\u00f8rgen Kastholm for Nordisk Solar, Denmark"}]},{"@type":"WebSite","@id":"https:\/\/www.danke-galerie.com\/#website","url":"https:\/\/www.danke-galerie.com\/","name":"Danke Galerie","description":"Vente mobilier du XXeme si\u00e8cle design vintage","potentialAction":[{"@type":"SearchAction","target":{"@type":"EntryPoint","urlTemplate":"https:\/\/www.danke-galerie.com\/?s={search_term_string}"},"query-input":{"@type":"PropertyValueSpecification","valueRequired":true,"valueName":"search_term_string"}}],"inLanguage":"en-US"}]}},"_links":{"self":[{"href":"https:\/\/www.danke-galerie.com\/en\/wp-json\/wp\/v2\/product\/15550","targetHints":{"allow":["GET"]}}],"collection":[{"href":"https:\/\/www.danke-galerie.com\/en\/wp-json\/wp\/v2\/product"}],"about":[{"href":"https:\/\/www.danke-galerie.com\/en\/wp-json\/wp\/v2\/types\/product"}],"wp:featuredmedia":[{"embeddable":true,"href":"https:\/\/www.danke-galerie.com\/en\/wp-json\/wp\/v2\/media\/12353"}],"wp:attachment":[{"href":"https:\/\/www.danke-galerie.com\/en\/wp-json\/wp\/v2\/media?parent=15550"}],"wp:term":[{"taxonomy":"product_brand","embeddable":true,"href":"https:\/\/www.danke-galerie.com\/en\/wp-json\/wp\/v2\/product_brand?post=15550"},{"taxonomy":"product_cat","embeddable":true,"href":"https:\/\/www.danke-galerie.com\/en\/wp-json\/wp\/v2\/product_cat?post=15550"},{"taxonomy":"product_tag","embeddable":true,"href":"https:\/\/www.danke-galerie.com\/en\/wp-json\/wp\/v2\/product_tag?post=15550"}],"curies":[{"name":"wp","href":"https:\/\/api.w.org\/{rel}","templated":true}]}}