{"id":52092,"date":"2023-05-01T17:35:35","date_gmt":"2023-05-01T17:35:35","guid":{"rendered":"https:\/\/www.danke-galerie.com\/donnees-personelles\/"},"modified":"2024-06-14T12:12:26","modified_gmt":"2024-06-14T12:12:26","slug":"personal-data","status":"publish","type":"page","link":"https:\/\/www.danke-galerie.com\/en\/personal-data\/","title":{"rendered":"Personal data"},"content":{"rendered":"\n<p><p style=\"text-align: left;\"><strong>D\u00e9claration de confidentialit\u00e9 des donn\u00e9es personnelles : <\/strong><br><br>Danke galerie est une entreprise sp\u00e9cialis\u00e9e dans l&#8217;achat, la vente et la location de (meubles) design. Nous utilisons des donn\u00e9es personnelles pour nos services. Pour ce faire, nous collaborons avec d&#8217;autres entreprises ou organisations. Nous estimons qu&#8217;il est tr\u00e8s important de traiter vos donn\u00e9es \u00e0 caract\u00e8re personnel avec le plus grand soin. Danke Galerie traite et s\u00e9curise vos donn\u00e9es personnelles avec soin et respecte la l\u00e9gislation relative \u00e0 la protection de la vie priv\u00e9e \u00e0 cet \u00e9gard.<\/p><\/p>\n\n\n\n<p><p style=\"text-align: left;\">Par le biais de cette d\u00e9claration de confidentialit\u00e9, nous souhaitons vous informer de ce que nous faisons pr\u00e9cis\u00e9ment avec vos donn\u00e9es personnelles et pourquoi. Nous souhaitons \u00e9galement vous informer de ce que vous pouvez attendre de nous et des droits dont vous disposez.<\/p><\/p>\n\n\n\n<p><p style=\"text-align: left;\">&nbsp;<\/p><\/p>\n\n\n\n<p><strong>Donn\u00e9es personnelles que nous traitons<\/strong><\/p>\n\n\n\n<p>Danke Galerie traite vos donn\u00e9es personnelles lorsque vous utilisez nos services et\/ou lorsque vous fournissez vous-m\u00eame ces donn\u00e9es. Vous trouverez ci-dessous un aper\u00e7u des exemples de donn\u00e9es \u00e0 caract\u00e8re personnel que nous traitons :<\/p>\n\n\n\n<ul class=\"wp-block-list\">\n<li>Nom et pr\u00e9nom<\/li>\n\n\n\n<li>Adresse, code postal, ville<\/li>\n\n\n\n<li>le sexe<\/li>\n\n\n\n<li>Date de naissance, lieu de naissance, nationalit\u00e9<\/li>\n\n\n\n<li>Num\u00e9ro de t\u00e9l\u00e9phone et autres donn\u00e9es similaires n\u00e9cessaires \u00e0 la communication<\/li>\n\n\n\n<li>Adresse \u00e9lectronique<\/li>\n\n\n\n<li>adresse IP<\/li>\n\n\n\n<li>Donn\u00e9es de paiement<\/li>\n\n\n\n<li>Donn\u00e9es relatives \u00e0 la localisation<\/li>\n\n\n\n<li>Donn\u00e9es d\u00e9mographiques telles que des informations sur le mode de vie et les besoins <br>Pr\u00e9f\u00e9rences marketing<\/li>\n\n\n\n<li>Donn\u00e9es relatives \u00e0 vos activit\u00e9s sur notre site web<\/li>\n\n\n\n<li>Donn\u00e9es sur vos habitudes de navigation sur diff\u00e9rents sites web (par exemple, parce que cette entreprise fait partie d&#8217;un r\u00e9seau publicitaire)<\/li>\n\n\n\n<li>Liste avec les coordonn\u00e9es du client par le biais d&#8217;une application <br>Navigateur internet et type d&#8217;appareil<\/li>\n\n\n\n<li>Donn\u00e9es financi\u00e8res (num\u00e9ro de compte bancaire, dettes, factures)<\/li>\n\n\n\n<li>Num\u00e9ro de TVA<\/li>\n\n\n\n<li>Autres donn\u00e9es personnelles que vous fournissez activement, par exemple dans la correspondance et par t\u00e9l\u00e9phone.<br>Donn\u00e9es personnelles sp\u00e9ciales et\/ou sensibles trait\u00e9es<\/li>\n<\/ul>\n\n\n\n<p>Nous ne traitons aucune donn\u00e9e personnelle sp\u00e9ciale et\/ou sensible.<\/p>\n\n\n\n<p>Danke Galerie ne traitera que les donn\u00e9es n\u00e9cessaires \u00e0 la mise en \u0153uvre de l&#8217;accord et \u00e0 la fourniture des services, au respect d&#8217;une \u00e9ventuelle obligation l\u00e9gale ou sur la base de ses int\u00e9r\u00eats l\u00e9gitimes. Si vous, ou des tiers, ne nous fournissez pas certaines donn\u00e9es vous concernant, cela peut entra\u00eener l&#8217;impossibilit\u00e9 de mettre en \u0153uvre l&#8217;accord ou de fournir les services. Si vous nous avez fourni les donn\u00e9es de tiers, nous supposons que vous les informerez du traitement de leurs donn\u00e9es par Danke Galerie et que vous vous r\u00e9f\u00e9rerez \u00e0 la pr\u00e9sente d\u00e9claration de confidentialit\u00e9.<\/p>\n\n\n\n<p>&nbsp;<\/p>\n\n\n\n<p><strong>Objectif et motifs de notre traitement des donn\u00e9es \u00e0 caract\u00e8re personnel<\/strong><\/p>\n\n\n\n<p>Danke Galerie traite vos donn\u00e9es \u00e0 caract\u00e8re personnel dans le cadre de ses activit\u00e9s commerciales et aux fins suivantes, dont la liste n&#8217;est pas exhaustive :<\/p>\n\n\n\n<ul class=\"wp-block-list\">\n<li>Fourniture des services ou produits que vous avez demand\u00e9s ;<\/li>\n\n\n\n<li>Envoi de notre Newsletter ;<\/li>\n\n\n\n<li>Pour pouvoir vous appeler ou vous envoyer un courrier \u00e9lectronique si cela est n\u00e9cessaire pour fournir nos services ;<\/li>\n\n\n\n<li>Vous informer des modifications apport\u00e9es \u00e0 nos services et produits ;<br>Pour vous permettre de cr\u00e9er un compte ;<\/li>\n\n\n\n<li>Nous analysons votre comportement sur le site Web afin de pouvoir l&#8217;am\u00e9liorer et d&#8217;adapter notre<\/li>\n\n\n\n<li>gamme de produits et de services \u00e0 vos pr\u00e9f\u00e9rences ;<\/li>\n\n\n\n<li>Danke Galerie suit votre comportement de navigation sur diff\u00e9rents sites web pour nous permettre d&#8217;adapter nos produits et services \u00e0 vos besoins<\/li>\n<\/ul>\n\n\n\n<ul class=\"wp-block-list\">\n<li>Danke Galerie traite \u00e9galement des donn\u00e9es \u00e0 caract\u00e8re personnel si la loi l&#8217;exige, comme les donn\u00e9es n\u00e9cessaires \u00e0 nos d\u00e9clarations fiscales<\/li>\n\n\n\n<li>pour traiter vos paiements<\/li>\n\n\n\n<li>M\u00e9diation dans la conclusion d&#8217;assurances<\/li>\n\n\n\n<li>Gestion des sinistres<\/li>\n\n\n\n<li>Enqu\u00eater sur des \u00e9v\u00e9nements dommageables ou des plaintes li\u00e9es aux polices d&#8217;assurance ou aux services<\/li>\n\n\n\n<li>Conseils dans le domaine de la restauration ou d&#8217;autres travaux de r\u00e9paration ;<\/li>\n\n\n\n<li>Enqu\u00eates de satisfaction aupr\u00e8s des clients ;<\/li>\n\n\n\n<li>Rapports internes, analyses statistiques, vente de produits et services de Danke Galerie et<\/li>\n\n\n\n<li>am\u00e9lioration des produits et services ;<\/li>\n\n\n\n<li>Offres d&#8217;autres produits susceptibles de vous int\u00e9resser ;<\/li>\n\n\n\n<li>Respect des obligations l\u00e9gales.<\/li>\n<\/ul>\n\n\n\n<p>&nbsp;<\/p>\n\n\n\n<p><br>Danke Galerie fonde ses activit\u00e9s de traitement sur les motifs suivants :<\/p>\n\n\n\n<p>Pour mettre en \u0153uvre l&#8217;accord : Dans le cadre de nos services et de la conclusion d&#8217;un accord, nous collectons et utilisons les donn\u00e9es \u00e0 caract\u00e8re personnel n\u00e9cessaires pour faire une offre, conclure un accord et mettre en \u0153uvre l&#8217;accord. Obligation l\u00e9gale : Le traitement des donn\u00e9es peut \u00eatre n\u00e9cessaire pour se conformer aux obligations l\u00e9gales.<br>Int\u00e9r\u00eat l\u00e9gitime : La collecte et l&#8217;utilisation de certaines donn\u00e9es \u00e0 caract\u00e8re personnel sont n\u00e9cessaires \u00e0 la poursuite de nos int\u00e9r\u00eats corporatifs et \u00e0 nos activit\u00e9s commerciales. Il peut s&#8217;agir, par exemple, d&#8217;objectifs commerciaux tels que la pr\u00e9sentation d&#8217;offres de produits ou de services susceptibles de vous int\u00e9resser, ou d&#8217;\u00e9tudes de march\u00e9 visant \u00e0 am\u00e9liorer nos produits et services.<br>Autorisation : Danke Galerie traite les donn\u00e9es sur la base de votre autorisation lorsque nous traitons des donn\u00e9es sp\u00e9ciales ou sensibles. Vous avez toujours le droit de refuser ou de r\u00e9voquer votre autorisation. Dans ce cas, l&#8217;accord peut \u00e9ventuellement ne pas \u00eatre mis en \u0153uvre ou les services peuvent \u00e9ventuellement ne pas \u00eatre fournis.<br>Nous avons essay\u00e9 de vous donner un aper\u00e7u aussi pr\u00e9cis que possible des donn\u00e9es \u00e0 caract\u00e8re personnel que nous traitons (ou avons trait\u00e9es) dans votre int\u00e9r\u00eat, y compris les finalit\u00e9s et les motifs l\u00e9gaux. Toutefois, nous sommes conscients qu&#8217;il est impossible de garantir que cette vue d&#8217;ensemble est compl\u00e8te et contient tous les d\u00e9tails. Cela s&#8217;explique en partie par le fait que d&#8217;autres finalit\u00e9s encore impr\u00e9vues peuvent devenir pertinentes et n\u00e9cessiter le traitement de donn\u00e9es \u00e0 caract\u00e8re personnel \u00e0 l&#8217;avenir. Nous tenons toutefois \u00e0 souligner que nous continuerons \u00e0 traiter vos donn\u00e9es \u00e0 caract\u00e8re personnel avec minutie et prudence dans ces cas.<\/p>\n\n\n\n<p>&nbsp;<\/p>\n\n\n\n<p><strong>Exactitude des donn\u00e9es<\/strong><\/p>\n\n\n\n<p>Nous comptons sur l&#8217;exactitude des donn\u00e9es en notre possession pour la bonne ex\u00e9cution de l&#8217;accord ou la bonne prestation des services. Veuillez nous informer si vos donn\u00e9es changent.<\/p>\n\n\n\n<p>&nbsp;<\/p>\n\n\n\n<p><strong>P\u00e9riode de conservation des donn\u00e9es personnelles<\/strong><\/p>\n\n\n\n<p>Danke Galerie ne conservera pas vos donn\u00e9es personnelles plus longtemps que ce qui est strictement n\u00e9cessaire pour atteindre les objectifs pour lesquels vos donn\u00e9es sont collect\u00e9es. En r\u00e8gle g\u00e9n\u00e9rale, nous conserverons vos donn\u00e9es personnelles conform\u00e9ment \u00e0 la p\u00e9riode de conservation fiscale d&#8217;au moins 7 ans, \u00e0 moins qu&#8217;une p\u00e9riode de conservation plus longue de vos donn\u00e9es personnelles ne soit requise ou d\u00e9sign\u00e9e sur la base de lois, d&#8217;autres r\u00e9glementations ou d&#8217;int\u00e9r\u00eats l\u00e9gitimes.<\/p>\n\n\n\n<p>&nbsp;<\/p>\n\n\n\n<p><strong>Partage des donn\u00e9es personnelles avec des tiers<\/strong><\/p>\n\n\n\n<p>Danke Galerie partagera vos donn\u00e9es personnelles avec divers tiers si cela est n\u00e9cessaire pour mettre en \u0153uvre l&#8217;accord, en relation avec les services, sur la base d&#8217;un int\u00e9r\u00eat l\u00e9gitime et\/ou pour se conformer \u00e0 une \u00e9ventuelle obligation l\u00e9gale. Dans ce contexte, nous pouvons fournir des donn\u00e9es aux parties suivantes, dont la liste n&#8217;est pas exhaustive :<\/p>\n\n\n\n<ul class=\"wp-block-list\">\n<li>Assureurs et interm\u00e9diaires si cela est n\u00e9cessaire pour souscrire des assurances et fournir nos services<\/li>\n\n\n\n<li>Cabinets d&#8217;expertise et de recherche pour les travaux en cas de sinistre et les rapports requis<\/li>\n\n\n\n<li>Organismes gouvernementaux si cela est n\u00e9cessaire pour que Danke Galerie remplisse ses obligations l\u00e9gales<\/li>\n\n\n\n<li>des tiers en cas d&#8217;externalisation du travail. Ce travail sera effectu\u00e9 sous la responsabilit\u00e9 de Danke Galerie, conform\u00e9ment \u00e0 nos normes de s\u00e9curit\u00e9 et sur la base de nos instructions<\/li>\n\n\n\n<li>Des experts juridiques ou des avocats pour des conseils ou dans le cadre de proc\u00e9dures judiciaires<\/li>\n\n\n\n<li>les successeurs l\u00e9gaux en cas de vente de nos services \u00e0 une autre organisation ou d&#8217;acquisition ou de vente de Danke Galerie (ou d&#8217;une partie de celle-ci). Si des donn\u00e9es personnelles sont partag\u00e9es dans ce cas, elles continueront \u00e0 \u00eatre utilis\u00e9es conform\u00e9ment \u00e0 la pr\u00e9sente d\u00e9claration.<\/li>\n<\/ul>\n\n\n\n<p><br><strong>Traitement en dehors de l&#8217;UE<\/strong><\/p>\n\n\n\n<p>Danke Galerie est une organisation mondiale dont les processus d&#8217;entreprise, les structures de gestion et les syst\u00e8mes techniques d\u00e9passent les fronti\u00e8res g\u00e9ographiques. Compte tenu de la nature mondiale des services fournis par Danke Galerie, les donn\u00e9es personnelles peuvent \u00eatre transmises et utilis\u00e9es, stock\u00e9es et trait\u00e9es dans d&#8217;autres pays que celui dans lequel les donn\u00e9es ont \u00e9t\u00e9 obtenues. Danke Galerie garantira toujours un niveau de s\u00e9curit\u00e9 ad\u00e9quat au moyen d&#8217;accords par d\u00e9faut \u00e9labor\u00e9s par l&#8217;UE ou d&#8217;un permis.<\/p>\n\n\n\n<p>&nbsp;<\/p>\n\n\n\n<p><strong>Marketing direct<\/strong><\/p>\n\n\n\n<p>Danke Galerie utilisera vos donn\u00e9es personnelles \u00e0 des fins de marketing direct pour d&#8217;autres services et produits dont nous pensons qu&#8217;ils pourraient vous int\u00e9resser. Nous vous donnerons toujours la possibilit\u00e9 de nous informer que vous ne souhaitez plus que nous utilisions vos donn\u00e9es personnelles \u00e0 des fins de marketing direct. Si Danke Galerie vous contacte par courrier \u00e9lectronique \u00e0 des fins de marketing, nous aurons besoin de votre autorisation pr\u00e9alable.<\/p>\n\n\n\n<p>&nbsp;<\/p>\n\n\n\n<p><strong>Utilisation de cookies ou de technologies similaires<\/strong><\/p>\n\n\n\n<p>Danke Galerie n&#8217;utilise que des cookies techniques et fonctionnels. Danke Galerie utilise \u00e9galement des cookies analytiques qui ne portent pas atteinte \u00e0 votre vie priv\u00e9e. Un cookie est un petit fichier texte stock\u00e9 sur votre ordinateur, tablette ou smartphone lorsque vous visitez le site web pour la premi\u00e8re fois. Les cookies que nous utilisons sont n\u00e9cessaires au fonctionnement technique du site web et \u00e0 sa facilit\u00e9 d&#8217;utilisation. Ils garantissent le bon fonctionnement du site web et m\u00e9morisent vos param\u00e8tres pr\u00e9f\u00e9r\u00e9s, par exemple. Ils nous permettent \u00e9galement d&#8217;optimiser notre site web. Vous pouvez refuser les cookies en configurant votre navigateur Internet de mani\u00e8re \u00e0 ce qu&#8217;il ne les accepte pas. Vous pouvez \u00e9galement supprimer les informations pr\u00e9c\u00e9demment stock\u00e9es dans les param\u00e8tres de votre navigateur.<\/p>\n\n\n\n<p>&nbsp;<\/p>\n\n\n\n<p><strong>Acc\u00e8s, modification ou suppression des donn\u00e9es<\/strong><\/p>\n\n\n\n<p>Vous avez le droit d&#8217;acc\u00e9der \u00e0 vos donn\u00e9es personnelles, de les corriger ou de les supprimer. Vous avez \u00e9galement le droit de retirer votre autorisation pour le traitement des donn\u00e9es ou de vous opposer au traitement de vos donn\u00e9es personnelles par Danke Galerie. En outre, vous avez le droit \u00e0 la portabilit\u00e9 des donn\u00e9es. Cela signifie que vous pouvez demander \u00e0 recevoir un fichier informatique des donn\u00e9es \u00e0 caract\u00e8re personnel vous concernant en notre possession, ou demander \u00e0 envoyer ce fichier \u00e0 une autre organisation de votre choix. Vous pouvez envoyer une demande d&#8217;acc\u00e8s, de correction, de suppression ou de portabilit\u00e9 de vos donn\u00e9es personnelles, ou une demande de r\u00e9vocation de votre autorisation, ainsi que toute objection au traitement de vos donn\u00e9es personnelles \u00e0 contact@danke-galerie.com. Veuillez joindre une copie de votre pi\u00e8ce d&#8217;identit\u00e9 afin de nous permettre de v\u00e9rifier que vous avez bien soumis la demande. Sur cette copie, noircissez votre photo, la MRZ (zone de lecture automatique, la bande avec des chiffres au bas du passeport), le num\u00e9ro du passeport et le num\u00e9ro de la fonction publique (CSN). Cela permet de prot\u00e9ger votre vie priv\u00e9e. Nous r\u00e9pondrons \u00e0 votre demande le plus rapidement possible, au plus tard dans un d\u00e9lai de quatre semaines. Nous vous serions \u00e9galement reconnaissants de nous faire part de vos \u00e9ventuelles r\u00e9clamations concernant le traitement de vos donn\u00e9es personnelles par Danke Galerie. Veuillez nous contacter dans ce cas. Nous pourrons ainsi rechercher ensemble une solution. Vous avez le droit de d\u00e9poser une plainte aupr\u00e8s de l&#8217;autorit\u00e9 de protection des donn\u00e9es, l&#8217;Autorit\u00e9 Francaise de protection des donn\u00e9es.<\/p>\n\n\n\n<p>&nbsp;<\/p>\n\n\n\n<p><strong>S\u00e9curit\u00e9 des donn\u00e9es personnelles<\/strong><\/p>\n\n\n\n<p>Danke Galerie s&#8217;engage \u00e0 prot\u00e9ger vos donn\u00e9es personnelles et prend les mesures appropri\u00e9es pour \u00e9viter les abus, les pertes, les acc\u00e8s non autoris\u00e9s, les divulgations non d\u00e9sir\u00e9es et les modifications non autoris\u00e9es. La soci\u00e9t\u00e9 informatique que nous avons engag\u00e9e a \u00e9galement pris les mesures techniques et organisationnelles ad\u00e9quates pour garantir un niveau de s\u00e9curit\u00e9 correspondant aux risques pour les droits et libert\u00e9s des personnes. Si vous avez l&#8217;impression que vos donn\u00e9es ne sont pas correctement s\u00e9curis\u00e9es ou s&#8217;il existe des preuves d&#8217;abus, veuillez contacter contact@danke-galerie.com.<\/p>\n\n\n\n<p>&nbsp;<\/p>\n\n\n\n<p>&nbsp;<\/p>\n\n\n\n<p>&nbsp;<\/p>\n","protected":false},"excerpt":{"rendered":"<p>D\u00e9claration de confidentialit\u00e9 des donn\u00e9es personnelles : Danke galerie est une entreprise sp\u00e9cialis\u00e9e dans l&#8217;achat, la vente et la location de (meubles) design. Nous utilisons des donn\u00e9es personnelles pour nos services. Pour ce faire, nous collaborons avec d&#8217;autres entreprises ou organisations. Nous estimons qu&#8217;il est tr\u00e8s important de traiter vos donn\u00e9es \u00e0 caract\u00e8re personnel avec [&hellip;]<\/p>\n","protected":false},"author":2,"featured_media":0,"parent":0,"menu_order":0,"comment_status":"closed","ping_status":"closed","template":"","meta":{"footnotes":""},"class_list":["post-52092","page","type-page","status-publish","hentry"],"yoast_head":"<!-- This site is optimized with the Yoast SEO plugin v26.7 - https:\/\/yoast.com\/wordpress\/plugins\/seo\/ -->\n<title>Personal data - Danke Galerie<\/title>\n<meta name=\"robots\" content=\"index, follow, max-snippet:-1, max-image-preview:large, max-video-preview:-1\" \/>\n<link rel=\"canonical\" href=\"https:\/\/www.danke-galerie.com\/en\/personal-data\/\" \/>\n<meta property=\"og:locale\" content=\"en_US\" \/>\n<meta property=\"og:type\" content=\"article\" \/>\n<meta property=\"og:title\" content=\"Personal data - Danke Galerie\" \/>\n<meta property=\"og:description\" content=\"D\u00e9claration de confidentialit\u00e9 des donn\u00e9es personnelles : Danke galerie est une entreprise sp\u00e9cialis\u00e9e dans l&#8217;achat, la vente et la location de (meubles) design. Nous utilisons des donn\u00e9es personnelles pour nos services. Pour ce faire, nous collaborons avec d&#8217;autres entreprises ou organisations. Nous estimons qu&#8217;il est tr\u00e8s important de traiter vos donn\u00e9es \u00e0 caract\u00e8re personnel avec [&hellip;]\" \/>\n<meta property=\"og:url\" content=\"https:\/\/www.danke-galerie.com\/en\/personal-data\/\" \/>\n<meta property=\"og:site_name\" content=\"Danke Galerie\" \/>\n<meta property=\"article:modified_time\" content=\"2024-06-14T12:12:26+00:00\" \/>\n<meta name=\"twitter:card\" content=\"summary_large_image\" \/>\n<meta name=\"twitter:label1\" content=\"Est. reading time\" \/>\n\t<meta name=\"twitter:data1\" content=\"10 minutes\" \/>\n<script type=\"application\/ld+json\" class=\"yoast-schema-graph\">{\"@context\":\"https:\/\/schema.org\",\"@graph\":[{\"@type\":\"WebPage\",\"@id\":\"https:\/\/www.danke-galerie.com\/en\/personal-data\/\",\"url\":\"https:\/\/www.danke-galerie.com\/en\/personal-data\/\",\"name\":\"Personal data - Danke Galerie\",\"isPartOf\":{\"@id\":\"https:\/\/www.danke-galerie.com\/#website\"},\"datePublished\":\"2023-05-01T17:35:35+00:00\",\"dateModified\":\"2024-06-14T12:12:26+00:00\",\"breadcrumb\":{\"@id\":\"https:\/\/www.danke-galerie.com\/en\/personal-data\/#breadcrumb\"},\"inLanguage\":\"en-US\",\"potentialAction\":[{\"@type\":\"ReadAction\",\"target\":[\"https:\/\/www.danke-galerie.com\/en\/personal-data\/\"]}]},{\"@type\":\"BreadcrumbList\",\"@id\":\"https:\/\/www.danke-galerie.com\/en\/personal-data\/#breadcrumb\",\"itemListElement\":[{\"@type\":\"ListItem\",\"position\":1,\"name\":\"Accueil\",\"item\":\"https:\/\/www.danke-galerie.com\/\"},{\"@type\":\"ListItem\",\"position\":2,\"name\":\"Personal data\"}]},{\"@type\":\"WebSite\",\"@id\":\"https:\/\/www.danke-galerie.com\/#website\",\"url\":\"https:\/\/www.danke-galerie.com\/\",\"name\":\"Danke Galerie\",\"description\":\"Vente mobilier du XXeme si\u00e8cle design vintage\",\"potentialAction\":[{\"@type\":\"SearchAction\",\"target\":{\"@type\":\"EntryPoint\",\"urlTemplate\":\"https:\/\/www.danke-galerie.com\/?s={search_term_string}\"},\"query-input\":{\"@type\":\"PropertyValueSpecification\",\"valueRequired\":true,\"valueName\":\"search_term_string\"}}],\"inLanguage\":\"en-US\"}]}<\/script>\n<!-- \/ Yoast SEO plugin. -->","yoast_head_json":{"title":"Personal data - Danke Galerie","robots":{"index":"index","follow":"follow","max-snippet":"max-snippet:-1","max-image-preview":"max-image-preview:large","max-video-preview":"max-video-preview:-1"},"canonical":"https:\/\/www.danke-galerie.com\/en\/personal-data\/","og_locale":"en_US","og_type":"article","og_title":"Personal data - Danke Galerie","og_description":"D\u00e9claration de confidentialit\u00e9 des donn\u00e9es personnelles : Danke galerie est une entreprise sp\u00e9cialis\u00e9e dans l&#8217;achat, la vente et la location de (meubles) design. Nous utilisons des donn\u00e9es personnelles pour nos services. Pour ce faire, nous collaborons avec d&#8217;autres entreprises ou organisations. Nous estimons qu&#8217;il est tr\u00e8s important de traiter vos donn\u00e9es \u00e0 caract\u00e8re personnel avec [&hellip;]","og_url":"https:\/\/www.danke-galerie.com\/en\/personal-data\/","og_site_name":"Danke Galerie","article_modified_time":"2024-06-14T12:12:26+00:00","twitter_card":"summary_large_image","twitter_misc":{"Est. reading time":"10 minutes"},"schema":{"@context":"https:\/\/schema.org","@graph":[{"@type":"WebPage","@id":"https:\/\/www.danke-galerie.com\/en\/personal-data\/","url":"https:\/\/www.danke-galerie.com\/en\/personal-data\/","name":"Personal data - Danke Galerie","isPartOf":{"@id":"https:\/\/www.danke-galerie.com\/#website"},"datePublished":"2023-05-01T17:35:35+00:00","dateModified":"2024-06-14T12:12:26+00:00","breadcrumb":{"@id":"https:\/\/www.danke-galerie.com\/en\/personal-data\/#breadcrumb"},"inLanguage":"en-US","potentialAction":[{"@type":"ReadAction","target":["https:\/\/www.danke-galerie.com\/en\/personal-data\/"]}]},{"@type":"BreadcrumbList","@id":"https:\/\/www.danke-galerie.com\/en\/personal-data\/#breadcrumb","itemListElement":[{"@type":"ListItem","position":1,"name":"Accueil","item":"https:\/\/www.danke-galerie.com\/"},{"@type":"ListItem","position":2,"name":"Personal data"}]},{"@type":"WebSite","@id":"https:\/\/www.danke-galerie.com\/#website","url":"https:\/\/www.danke-galerie.com\/","name":"Danke Galerie","description":"Vente mobilier du XXeme si\u00e8cle design vintage","potentialAction":[{"@type":"SearchAction","target":{"@type":"EntryPoint","urlTemplate":"https:\/\/www.danke-galerie.com\/?s={search_term_string}"},"query-input":{"@type":"PropertyValueSpecification","valueRequired":true,"valueName":"search_term_string"}}],"inLanguage":"en-US"}]}},"_links":{"self":[{"href":"https:\/\/www.danke-galerie.com\/en\/wp-json\/wp\/v2\/pages\/52092","targetHints":{"allow":["GET"]}}],"collection":[{"href":"https:\/\/www.danke-galerie.com\/en\/wp-json\/wp\/v2\/pages"}],"about":[{"href":"https:\/\/www.danke-galerie.com\/en\/wp-json\/wp\/v2\/types\/page"}],"author":[{"embeddable":true,"href":"https:\/\/www.danke-galerie.com\/en\/wp-json\/wp\/v2\/users\/2"}],"replies":[{"embeddable":true,"href":"https:\/\/www.danke-galerie.com\/en\/wp-json\/wp\/v2\/comments?post=52092"}],"version-history":[{"count":0,"href":"https:\/\/www.danke-galerie.com\/en\/wp-json\/wp\/v2\/pages\/52092\/revisions"}],"wp:attachment":[{"href":"https:\/\/www.danke-galerie.com\/en\/wp-json\/wp\/v2\/media?parent=52092"}],"curies":[{"name":"wp","href":"https:\/\/api.w.org\/{rel}","templated":true}]}}